{"id":473,"date":"2022-10-20T12:01:30","date_gmt":"2022-10-20T10:01:30","guid":{"rendered":"https:\/\/www.actosinstitucionales.archimadrid.com\/?page_id=473"},"modified":"2022-10-21T11:52:10","modified_gmt":"2022-10-21T09:52:10","slug":"santa-maria-la-real-de-la-almudena-2022","status":"publish","type":"page","link":"https:\/\/www.actosinstitucionales.archimadrid.com\/index.php\/fiesta-de-la-almudena\/santa-maria-la-real-de-la-almudena-2022\/","title":{"rendered":"Santa Mar\u00eda la Real de la Almudena 2022"},"content":{"rendered":"<p>[et_pb_section fb_built=\u00bb1&#8243; fullwidth=\u00bbon\u00bb admin_label=\u00bbHeader\u00bb _builder_version=\u00bb4.16&#8243; background_color=\u00bb#dcccb9&#8243; background_enable_image=\u00bboff\u00bb parallax=\u00bbon\u00bb custom_padding=\u00bb|||\u00bb animation_style=\u00bbslide\u00bb animation_direction=\u00bbtop\u00bb animation_intensity_slide=\u00bb2%\u00bb collapsed=\u00bboff\u00bb global_colors_info=\u00bb{}\u00bb][et_pb_fullwidth_image src=\u00bbhttps:\/\/www.actosinstitucionales.archimadrid.com\/wp-content\/uploads\/2022\/10\/banner_web_1240x171.png\u00bb title_text=\u00bbbanner_web_1240x171&#8243; _builder_version=\u00bb4.18.0&#8243; _module_preset=\u00bbdefault\u00bb global_colors_info=\u00bb{}\u00bb][\/et_pb_fullwidth_image][\/et_pb_section][et_pb_section fb_built=\u00bb1&#8243; admin_label=\u00bbcartel y triduo\u00bb _builder_version=\u00bb4.16&#8243; collapsed=\u00bboff\u00bb global_colors_info=\u00bb{}\u00bb][et_pb_row column_structure=\u00bb1_2,1_2&#8243; padding_top_bottom_link_1=\u00bbtrue\u00bb padding_left_right_link_1=\u00bbtrue\u00bb _builder_version=\u00bb4.16&#8243; global_colors_info=\u00bb{}\u00bb][et_pb_column type=\u00bb1_2&#8243; _builder_version=\u00bb4.16&#8243; background_image=\u00bbhttps:\/\/www.actosinstitucionales.archimadrid.com\/wp-content\/uploads\/2020\/10\/column-background-02.png\u00bb custom_padding=\u00bb50px|50px|50px|50px\u00bb custom_padding_tablet=\u00bb\u00bb custom_padding_phone=\u00bb20px|20px|20px|20px|true|true\u00bb custom_padding_last_edited=\u00bbon|phone\u00bb global_colors_info=\u00bb{}\u00bb custom_padding__hover=\u00bb|||\u00bb][et_pb_image src=\u00bbhttps:\/\/www.actosinstitucionales.archimadrid.com\/wp-content\/uploads\/2022\/10\/Cartel_w_2022.jpg\u00bb title_text=\u00bbCartel_w_2022&#8243; align_tablet=\u00bbcenter\u00bb align_phone=\u00bb\u00bb align_last_edited=\u00bbon|desktop\u00bb _builder_version=\u00bb4.18.0&#8243; animation_style=\u00bbzoom\u00bb animation_intensity_zoom=\u00bb10%\u00bb box_shadow_style=\u00bbpreset1&#8243; box_shadow_vertical=\u00bb32px\u00bb box_shadow_blur=\u00bb100px\u00bb box_shadow_color=\u00bbrgba(0,0,0,0.15)\u00bb global_colors_info=\u00bb{}\u00bb][\/et_pb_image][et_pb_text _builder_version=\u00bb4.18.0&#8243; text_font=\u00bb||||||||\u00bb text_font_size=\u00bb16px\u00bb text_line_height=\u00bb1.9em\u00bb header_font=\u00bb||||||||\u00bb header_2_font=\u00bbRoboto|300|||||||\u00bb header_2_font_size=\u00bb50px\u00bb header_2_line_height=\u00bb1.4em\u00bb header_2_font_size_tablet=\u00bb40px\u00bb header_2_font_size_phone=\u00bb32px\u00bb header_2_font_size_last_edited=\u00bbon|phone\u00bb global_colors_info=\u00bb{}\u00bb]<\/p>\n<h4>Cartel vertical en alta resoluci\u00f3n para imprimir<\/h4>\n<p>[\/et_pb_text][et_pb_button button_url=\u00bbhttps:\/\/www.actosinstitucionales.archimadrid.com\/wp-content\/uploads\/2022\/10\/CARTEL_ALMUDENA_22_DINA4_digital.pdf\u00bb button_text=\u00bbDescargar Cartel\u00bb _builder_version=\u00bb4.18.0&#8243; custom_button=\u00bbon\u00bb button_text_size=\u00bb14px\u00bb button_text_color=\u00bb#ffffff\u00bb button_bg_color=\u00bb#06c8ff\u00bb button_border_width=\u00bb10px\u00bb button_border_color=\u00bbrgba(0,0,0,0)\u00bb button_border_radius=\u00bb100px\u00bb button_letter_spacing=\u00bb3px\u00bb button_font=\u00bbRoboto|700||on|||||\u00bb button_text_color_hover=\u00bb#ffffff\u00bb button_letter_spacing_hover=\u00bb3px\u00bb global_colors_info=\u00bb{}\u00bb button_text_size__hover_enabled=\u00bboff\u00bb button_one_text_size__hover_enabled=\u00bboff\u00bb button_two_text_size__hover_enabled=\u00bboff\u00bb button_text_color__hover_enabled=\u00bbon\u00bb button_text_color__hover=\u00bb#ffffff\u00bb button_one_text_color__hover_enabled=\u00bboff\u00bb button_two_text_color__hover_enabled=\u00bboff\u00bb button_border_width__hover_enabled=\u00bboff\u00bb button_one_border_width__hover_enabled=\u00bboff\u00bb button_two_border_width__hover_enabled=\u00bboff\u00bb button_border_color__hover_enabled=\u00bboff\u00bb button_one_border_color__hover_enabled=\u00bboff\u00bb button_two_border_color__hover_enabled=\u00bboff\u00bb button_border_radius__hover_enabled=\u00bboff\u00bb button_one_border_radius__hover_enabled=\u00bboff\u00bb button_two_border_radius__hover_enabled=\u00bboff\u00bb button_letter_spacing__hover_enabled=\u00bbon\u00bb button_letter_spacing__hover=\u00bb3px\u00bb button_one_letter_spacing__hover_enabled=\u00bboff\u00bb button_two_letter_spacing__hover_enabled=\u00bboff\u00bb button_bg_color__hover_enabled=\u00bboff\u00bb button_one_bg_color__hover_enabled=\u00bboff\u00bb button_two_bg_color__hover_enabled=\u00bboff\u00bb][\/et_pb_button][et_pb_divider _builder_version=\u00bb4.16&#8243; _module_preset=\u00bbdefault\u00bb global_colors_info=\u00bb{}\u00bb][\/et_pb_divider][et_pb_text _builder_version=\u00bb4.16&#8243; text_font=\u00bb||||||||\u00bb text_font_size=\u00bb16px\u00bb text_line_height=\u00bb1.9em\u00bb header_font=\u00bb||||||||\u00bb header_2_font=\u00bbRoboto|300|||||||\u00bb header_2_font_size=\u00bb50px\u00bb header_2_line_height=\u00bb1.4em\u00bb header_2_font_size_tablet=\u00bb40px\u00bb header_2_font_size_phone=\u00bb32px\u00bb header_2_font_size_last_edited=\u00bbon|phone\u00bb global_colors_info=\u00bb{}\u00bb]<\/p>\n<h4>D\u00edptico en alta resoluci\u00f3n para imprimir<\/h4>\n<p>[\/et_pb_text][et_pb_button button_url=\u00bbhttps:\/\/www.actosinstitucionales.archimadrid.com\/wp-content\/uploads\/2022\/10\/diptico_almudena_2022_digital.pdf\u00bb button_text=\u00bbDescargar d\u00edptico\u00bb _builder_version=\u00bb4.18.0&#8243; custom_button=\u00bbon\u00bb button_text_size=\u00bb14px\u00bb button_text_color=\u00bb#ffffff\u00bb button_bg_color=\u00bb#06c8ff\u00bb button_border_width=\u00bb10px\u00bb button_border_color=\u00bbrgba(0,0,0,0)\u00bb button_border_radius=\u00bb100px\u00bb button_letter_spacing=\u00bb3px\u00bb button_font=\u00bbRoboto|700||on|||||\u00bb button_text_color_hover=\u00bb#ffffff\u00bb button_letter_spacing_hover=\u00bb3px\u00bb global_colors_info=\u00bb{}\u00bb button_text_size__hover_enabled=\u00bboff\u00bb button_one_text_size__hover_enabled=\u00bboff\u00bb button_two_text_size__hover_enabled=\u00bboff\u00bb button_text_color__hover_enabled=\u00bbon\u00bb button_text_color__hover=\u00bb#ffffff\u00bb button_one_text_color__hover_enabled=\u00bboff\u00bb button_two_text_color__hover_enabled=\u00bboff\u00bb button_border_width__hover_enabled=\u00bboff\u00bb button_one_border_width__hover_enabled=\u00bboff\u00bb button_two_border_width__hover_enabled=\u00bboff\u00bb button_border_color__hover_enabled=\u00bboff\u00bb button_one_border_color__hover_enabled=\u00bboff\u00bb button_two_border_color__hover_enabled=\u00bboff\u00bb button_border_radius__hover_enabled=\u00bboff\u00bb button_one_border_radius__hover_enabled=\u00bboff\u00bb button_two_border_radius__hover_enabled=\u00bboff\u00bb button_letter_spacing__hover_enabled=\u00bbon\u00bb button_letter_spacing__hover=\u00bb3px\u00bb button_one_letter_spacing__hover_enabled=\u00bboff\u00bb button_two_letter_spacing__hover_enabled=\u00bboff\u00bb button_bg_color__hover_enabled=\u00bboff\u00bb button_one_bg_color__hover_enabled=\u00bboff\u00bb button_two_bg_color__hover_enabled=\u00bboff\u00bb][\/et_pb_button][\/et_pb_column][et_pb_column type=\u00bb1_2&#8243; _builder_version=\u00bb4.16&#8243; custom_padding=\u00bb200px|||\u00bb custom_padding_tablet=\u00bb0px|||\u00bb custom_padding_phone=\u00bb\u00bb custom_padding_last_edited=\u00bbon|desktop\u00bb global_colors_info=\u00bb{}\u00bb custom_padding__hover=\u00bb|||\u00bb][et_pb_text _builder_version=\u00bb4.18.0&#8243; text_font=\u00bb||||||||\u00bb text_font_size=\u00bb16px\u00bb text_line_height=\u00bb1.9em\u00bb header_font=\u00bb||||||||\u00bb header_2_font=\u00bbRoboto|300|||||||\u00bb header_2_font_size=\u00bb50px\u00bb header_2_line_height=\u00bb1.4em\u00bb header_2_font_size_tablet=\u00bb40px\u00bb header_2_font_size_phone=\u00bb32px\u00bb header_2_font_size_last_edited=\u00bbon|phone\u00bb global_colors_info=\u00bb{}\u00bb]<\/p>\n<h2>PROGRAMA<br \/>Actos en la catedral<\/h2>\n<h4><strong>5,6 y 7 de noviembre<\/strong><br \/>19:00 h. Triduo de la Almudena<\/h4>\n<h4><strong>S\u00e1bado, 5 de noviembre<\/strong><br \/>20:00 h. Concierto Banda Sinf\u00f3nica Municipal<\/h4>\n<h4><strong>Hasta el 8 de noviembre<\/strong><br \/>Ofrenda Virtual a la Virgen. Dibujos, escritos o fotograf\u00edas a: ofrendavirtualalmudena@archimadrid.es<\/h4>\n<h4><strong>Martes, 8 de noviembre<\/strong><br \/>de 9:00 a 20:00 h. Ofrenda floral solidaria de colegios en la Plaza de la Almudena. Recogida de flores y alimentos no perecederos.<\/p>\n<p>17:30 h. Concierto del Orfe\u00f3n Sociedad Conciertos Ayuntamiento de Madrid<\/p>\n<p>20:30 h. Vigilia de J\u00f3venes<\/h4>\n<h4><strong>Mi\u00e9rcoles, 9 de noviembre<br \/><\/strong>11:00 h. Eucarist\u00eda en la Plaza de la Almudena. Procesi\u00f3n a continuaci\u00f3n.<\/p>\n<p>De 9:00 a 20:00 Ofrenda Floral Solidaria en la Plaza de la Almudena. Recogida de flores y alimentos no perecederos<\/h4>\n<h4><strong>Viernes, 11 de noviembre<\/strong><br \/>19:30 h. Concierto Coro de RTVE<\/h4>\n<p>[\/et_pb_text][\/et_pb_column][\/et_pb_row][et_pb_row column_structure=\u00bb1_2,1_2&#8243; _builder_version=\u00bb4.18.0&#8243; _module_preset=\u00bbdefault\u00bb global_colors_info=\u00bb{}\u00bb][et_pb_column type=\u00bb1_2&#8243; _builder_version=\u00bb4.18.0&#8243; _module_preset=\u00bbdefault\u00bb global_colors_info=\u00bb{}\u00bb][et_pb_text _builder_version=\u00bb4.18.0&#8243; _module_preset=\u00bbdefault\u00bb global_colors_info=\u00bb{}\u00bb]<\/p>\n<h2>Horario de Misas D\u00eda de la Solemnidad<\/h2>\n<h4>17:00, 18:00, 19:00 y 20:00 en el templo Catedral<\/h4>\n<h4>10:30, 11:30, 13:30, 13:30, 18:30 y 19:30 horas en la Cripta Parroquia<\/h4>\n<h4>La Catedral estar\u00e1 cerrada durante la procesi\u00f3n<\/h4>\n<p>[\/et_pb_text][\/et_pb_column][et_pb_column type=\u00bb1_2&#8243; _builder_version=\u00bb4.18.0&#8243; _module_preset=\u00bbdefault\u00bb global_colors_info=\u00bb{}\u00bb][et_pb_image src=\u00bbhttps:\/\/www.actosinstitucionales.archimadrid.com\/wp-content\/uploads\/2022\/10\/Recorrido_Procesion.png\u00bb title_text=\u00bbRecorrido_Procesion\u00bb _builder_version=\u00bb4.18.0&#8243; _module_preset=\u00bbdefault\u00bb global_colors_info=\u00bb{}\u00bb][\/et_pb_image][\/et_pb_column][\/et_pb_row][\/et_pb_section][et_pb_section fb_built=\u00bb1&#8243; disabled_on=\u00bbon|on|on\u00bb admin_label=\u00bbVigilias\u00bb _builder_version=\u00bb4.16&#8243; max_width_tablet=\u00bb\u00bb max_width_phone=\u00bb100%\u00bb max_width_last_edited=\u00bbon|phone\u00bb custom_margin=\u00bb|||\u00bb custom_padding=\u00bb54px|0px|100px|0px|false|false\u00bb disabled=\u00bbon\u00bb collapsed=\u00bbon\u00bb global_colors_info=\u00bb{}\u00bb][et_pb_row _builder_version=\u00bb4.16&#8243; custom_margin=\u00bb||60px|\u00bb global_colors_info=\u00bb{}\u00bb][et_pb_column type=\u00bb4_4&#8243; _builder_version=\u00bb4.16&#8243; custom_padding=\u00bb|||\u00bb global_colors_info=\u00bb{}\u00bb custom_padding__hover=\u00bb|||\u00bb][et_pb_text _builder_version=\u00bb4.16&#8243; text_font=\u00bb||||||||\u00bb text_font_size=\u00bb20px\u00bb text_line_height=\u00bb1.9em\u00bb header_font=\u00bb||||||||\u00bb header_2_font=\u00bbRoboto|300|||||||\u00bb header_2_font_size=\u00bb50px\u00bb header_2_line_height=\u00bb1.2em\u00bb text_orientation=\u00bbcenter\u00bb max_width=\u00bb700px\u00bb max_width_tablet=\u00bb\u00bb max_width_phone=\u00bb\u00bb max_width_last_edited=\u00bbon|desktop\u00bb module_alignment=\u00bbcenter\u00bb header_2_font_size_tablet=\u00bb40px\u00bb header_2_font_size_phone=\u00bb32px\u00bb header_2_font_size_last_edited=\u00bbon|phone\u00bb global_colors_info=\u00bb{}\u00bb]<\/p>\n<h2>Vigilia de j\u00f3venes<\/h2>\n<p>8 de noviembre<\/p>\n<p>[\/et_pb_text][\/et_pb_column][\/et_pb_row][et_pb_row column_structure=\u00bb1_4,1_4,1_2&#8243; admin_label=\u00bbAlmudena\u00bb _builder_version=\u00bb4.16&#8243; max_width=\u00bb900px\u00bb custom_margin_tablet=\u00bb|||\u00bb custom_margin_phone=\u00bb|||\u00bb custom_margin_last_edited=\u00bbon|desktop\u00bb animation_style=\u00bbzoom\u00bb animation_direction=\u00bbtop\u00bb animation_intensity_zoom=\u00bb10%\u00bb border_color_all=\u00bbrgba(51,51,51,0.05)\u00bb border_width_bottom=\u00bb2px\u00bb use_custom_width=\u00bbon\u00bb custom_width_px=\u00bb900px\u00bb collapsed=\u00bbon\u00bb global_colors_info=\u00bb{}\u00bb][et_pb_column type=\u00bb1_4&#8243; _builder_version=\u00bb4.16&#8243; custom_padding=\u00bb|||\u00bb global_colors_info=\u00bb{}\u00bb custom_padding__hover=\u00bb|||\u00bb][et_pb_text _builder_version=\u00bb4.16&#8243; text_line_height=\u00bb1.9em\u00bb header_font=\u00bb||||||||\u00bb header_6_font=\u00bbRoboto|||on|||||\u00bb header_6_font_size=\u00bb20px\u00bb header_6_line_height=\u00bb1.2em\u00bb global_colors_info=\u00bb{}\u00bb]<\/p>\n<h6>20:30 horas<\/h6>\n<p>[\/et_pb_text][\/et_pb_column][et_pb_column type=\u00bb1_4&#8243; _builder_version=\u00bb4.16&#8243; custom_padding=\u00bb|||\u00bb global_colors_info=\u00bb{}\u00bb custom_padding__hover=\u00bb|||\u00bb][et_pb_text _builder_version=\u00bb4.16&#8243; text_font=\u00bb||||||||\u00bb text_line_height=\u00bb1.9em\u00bb header_font=\u00bb||||||||\u00bb header_3_font=\u00bb||||||||\u00bb header_4_font=\u00bb||||||||\u00bb header_5_font=\u00bbRoboto||||||||\u00bb header_5_text_color=\u00bb#00b2e5&#8243; header_5_line_height=\u00bb1.4em\u00bb header_6_font=\u00bb||||||||\u00bb custom_padding=\u00bb|||0px||\u00bb global_colors_info=\u00bb{}\u00bb]<\/p>\n<h5>Catedral de Santa Mar\u00eda la Real de la Almudena<\/h5>\n<p>&nbsp;<\/p>\n<p>[\/et_pb_text][\/et_pb_column][et_pb_column type=\u00bb1_2&#8243; _builder_version=\u00bb4.16&#8243; custom_padding=\u00bb|||\u00bb global_colors_info=\u00bb{}\u00bb custom_padding__hover=\u00bb|||\u00bb][et_pb_text _builder_version=\u00bb4.16&#8243; text_font=\u00bb||||||||\u00bb text_font_size=\u00bb16px\u00bb text_line_height=\u00bb1.9em\u00bb header_font=\u00bb||||||||\u00bb header_6_font=\u00bbRoboto||||||||\u00bb header_6_text_color=\u00bb#00b2e5&#8243; header_6_font_size=\u00bb20px\u00bb header_6_line_height=\u00bb1.2em\u00bb global_colors_info=\u00bb{}\u00bb]<\/p>\n<p>Calle Bail\u00e9n, 8. La oraci\u00f3n de la catedral, presidida por el arzobispo, cardenal Carlos Osoro, tambi\u00e9n podr\u00e1 seguirse por el <a href=\"http:\/\/www.youtube.com\/archimadrid\" target=\"_blank\" rel=\"noopener noreferrer\">canal de YouTube del Arzobispado<\/a>.<\/p>\n<p>[\/et_pb_text][\/et_pb_column][\/et_pb_row][et_pb_row column_structure=\u00bb1_4,1_4,1_2&#8243; disabled_on=\u00bbon|on|on\u00bb admin_label=\u00bbGuadalupe\u00bb _builder_version=\u00bb4.16&#8243; max_width=\u00bb900px\u00bb custom_margin_tablet=\u00bb|||\u00bb custom_margin_phone=\u00bb|||\u00bb custom_margin_last_edited=\u00bbon|desktop\u00bb animation_style=\u00bbzoom\u00bb animation_direction=\u00bbtop\u00bb animation_intensity_zoom=\u00bb10%\u00bb border_color_all=\u00bbrgba(51,51,51,0.05)\u00bb border_width_bottom=\u00bb2px\u00bb use_custom_width=\u00bbon\u00bb custom_width_px=\u00bb900px\u00bb disabled=\u00bbon\u00bb collapsed=\u00bbon\u00bb global_colors_info=\u00bb{}\u00bb][et_pb_column type=\u00bb1_4&#8243; _builder_version=\u00bb4.16&#8243; custom_padding=\u00bb|||\u00bb global_colors_info=\u00bb{}\u00bb custom_padding__hover=\u00bb|||\u00bb][et_pb_text _builder_version=\u00bb4.16&#8243; text_line_height=\u00bb1.9em\u00bb header_font=\u00bb||||||||\u00bb header_6_font=\u00bbRoboto|||on|||||\u00bb header_6_font_size=\u00bb20px\u00bb header_6_line_height=\u00bb1.2em\u00bb global_colors_info=\u00bb{}\u00bb]<\/p>\n<h6>21:00 hs.<\/h6>\n<p>[\/et_pb_text][\/et_pb_column][et_pb_column type=\u00bb1_4&#8243; _builder_version=\u00bb4.16&#8243; custom_padding=\u00bb|||\u00bb global_colors_info=\u00bb{}\u00bb custom_padding__hover=\u00bb|||\u00bb][et_pb_text _builder_version=\u00bb4.16&#8243; text_font=\u00bb||||||||\u00bb text_line_height=\u00bb1.9em\u00bb header_font=\u00bb||||||||\u00bb header_3_font=\u00bb||||||||\u00bb header_4_font=\u00bb||||||||\u00bb header_5_font=\u00bbRoboto||||||||\u00bb header_5_text_color=\u00bb#00b2e5&#8243; header_5_line_height=\u00bb1.4em\u00bb header_6_font=\u00bb||||||||\u00bb global_colors_info=\u00bb{}\u00bb]<\/p>\n<h5>Nuestra se\u00f1ora de Guadalupe<\/h5>\n<p>[\/et_pb_text][\/et_pb_column][et_pb_column type=\u00bb1_2&#8243; _builder_version=\u00bb4.16&#8243; custom_padding=\u00bb|||\u00bb global_colors_info=\u00bb{}\u00bb custom_padding__hover=\u00bb|||\u00bb][et_pb_text _builder_version=\u00bb4.16&#8243; text_font=\u00bb||||||||\u00bb text_font_size=\u00bb16px\u00bb text_line_height=\u00bb1.9em\u00bb header_font=\u00bb||||||||\u00bb header_6_font=\u00bbRoboto||||||||\u00bb header_6_text_color=\u00bb#00b2e5&#8243; header_6_font_size=\u00bb20px\u00bb header_6_line_height=\u00bb1.2em\u00bb global_colors_info=\u00bb{}\u00bb]<\/p>\n<p>Calle Puerto Rico, 1<\/p>\n<p>[\/et_pb_text][\/et_pb_column][\/et_pb_row][\/et_pb_section][et_pb_section fb_built=\u00bb1&#8243; disabled_on=\u00bbon|on|on\u00bb admin_label=\u00bbSolemnidad en la catedral\u00bb _builder_version=\u00bb4.16&#8243; background_image=\u00bbhttps:\/\/www.actosinstitucionales.archimadrid.com\/wp-content\/uploads\/2020\/10\/bg-4.png\u00bb background_size=\u00bbinitial\u00bb background_position=\u00bbbottom_left\u00bb custom_padding=\u00bb54px|0px|0|0px|false|false\u00bb disabled=\u00bbon\u00bb collapsed=\u00bbon\u00bb global_colors_info=\u00bb{}\u00bb][et_pb_row column_structure=\u00bb1_2,1_2&#8243; padding_top_bottom_link_1=\u00bbfalse\u00bb padding_top_bottom_link_2=\u00bbfalse\u00bb padding_left_right_link_2=\u00bbtrue\u00bb _builder_version=\u00bb4.16&#8243; custom_padding=\u00bb27px|0px|0|0px|false|false\u00bb global_colors_info=\u00bb{}\u00bb][et_pb_column type=\u00bb1_2&#8243; _builder_version=\u00bb4.16&#8243; custom_padding=\u00bb10%||40px|\u00bb custom_padding_tablet=\u00bb0px||0px|\u00bb custom_padding_phone=\u00bb\u00bb custom_padding_last_edited=\u00bbon|desktop\u00bb global_colors_info=\u00bb{}\u00bb custom_padding__hover=\u00bb|||\u00bb][et_pb_text _builder_version=\u00bb4.16&#8243; text_font=\u00bb||||||||\u00bb text_font_size=\u00bb16px\u00bb text_line_height=\u00bb1.9em\u00bb header_font=\u00bb||||||||\u00bb header_2_font=\u00bbRoboto|300|||||||\u00bb header_2_font_size=\u00bb50px\u00bb header_2_line_height=\u00bb1.2em\u00bb max_width=\u00bb700px\u00bb max_width_tablet=\u00bb\u00bb max_width_phone=\u00bb\u00bb max_width_last_edited=\u00bbon|desktop\u00bb module_alignment=\u00bbcenter\u00bb header_2_font_size_tablet=\u00bb40px\u00bb header_2_font_size_phone=\u00bb32px\u00bb header_2_font_size_last_edited=\u00bbon|phone\u00bb global_colors_info=\u00bb{}\u00bb]<\/p>\n<h2>La Virgen vuelve<br \/>a la calle<\/h2>\n<p><span style=\"font-size: medium;\">Aunque el martes 9 de noviembre no es d\u00eda de precepto, s\u00ed es solemnidad en Madrid, por lo que se invita a los fieles a asistir a Misa. La Misa mayor dar\u00e1 comienzo a las 11:00 horas en la plaza de la Almudena, entre la catedral y el Palacio Real, con espacios acotados para evitar aglomeraciones. La celebraci\u00f3n, presidida por el arzobispo, cardenal Carlos Osoro, y concelebrada por los obispos auxiliares, los vicarios episcopales y el Cabildo, ser\u00e1 emitida en directo por Telemadrid, TRECE y COPE. En ella, el alcalde de Madrid, Jos\u00e9 Luis Mart\u00ednez Almeida, renovar\u00e1 el tradicional Voto de la Villa.<\/span><\/p>\n<p><span style=\"font-size: medium;\">Al terminar la Misa, la Virgen recorrer\u00e1 en procesi\u00f3n la calle Bail\u00e9n hacia el Palacio Real y alrededor de la plaza de Oriente, llevada por los anderos de Jes\u00fas el Pobre, con la idea de que los madrile\u00f1os puedan acercarse a su patrona con seguridad.<\/span><\/p>\n<p><span style=\"font-size: medium;\">El Cabildo ha invitado a la Asociaci\u00f3n de Alfombristas do Corpus Christi de Ponteareas, que elaborar\u00e1 una alfombra de flores para el paso de la Virgen como las que hace con motivo de la fiesta del Corpus Christi en localidad pontevedresa. En pleno A\u00f1o Xacobeo, el dise\u00f1o de la alfombra es un gui\u00f1o al Camino de Santiago que pasa por Madrid y une la capital de Espa\u00f1a con el Camino Franc\u00e9s. Con un tama\u00f1o de unos 50 metros cuadrados, las flores ser\u00e1n principalmente claveles, buganvillas y hortensias, que junto al resto de elementos vegetales ser\u00e1n traidos desde Galicia.<\/span><\/p>\n<p><span style=\"font-size: medium;\">La catedral permanecer\u00e1 cerrada hasta la finalizaci\u00f3n de la procesi\u00f3n y luego, para facilitar el culto a la patrona de Madrid, acoger\u00e1 Eucarist\u00edas a las 17:00, 18:00, 19:00 y 20:00 horas. Adem\u00e1s, en la cripta de la Almudena (Mayor, 90) habr\u00e1 Misas a las 10:30, 11:30, 12:30, 13:30, 18:30 y 19:30 horas.<\/span><\/p>\n<p><span style=\"font-size: medium;\">Para garantizar el buen desarrollo de las distintas celebraciones, siguen haciendo voluntarios. Quien\u00a0quiera colabora puede dirigirse al correo <span id=\"cloakdf195fb74af288dd806a6f4eb8c17696\"><a href=\"mailto:voluntariosai@archimadrid.es\" target=\"_blank\" rel=\"noopener noreferrer\">voluntariosai@archimadrid.es<\/a><\/span>.<\/span><\/p>\n<p>[\/et_pb_text][\/et_pb_column][et_pb_column type=\u00bb1_2&#8243; _builder_version=\u00bb4.16&#8243; background_image=\u00bbhttps:\/\/www.actosinstitucionales.archimadrid.com\/wp-content\/uploads\/2020\/10\/column-background-03-1.png\u00bb custom_padding=\u00bb50px|50px||50px\u00bb custom_padding_tablet=\u00bb\u00bb custom_padding_phone=\u00bb20px|20px||20px||true\u00bb custom_padding_last_edited=\u00bbon|phone\u00bb global_colors_info=\u00bb{}\u00bb custom_padding__hover=\u00bb|||\u00bb][et_pb_image src=\u00bbhttps:\/\/www.actosinstitucionales.archimadrid.com\/wp-content\/uploads\/2020\/10\/Virgen_Almudena.jpg\u00bb title_text=\u00bbVirgen_Almudena\u00bb align_tablet=\u00bbcenter\u00bb align_phone=\u00bb\u00bb align_last_edited=\u00bbon|desktop\u00bb _builder_version=\u00bb4.16&#8243; animation_style=\u00bbzoom\u00bb animation_intensity_zoom=\u00bb10%\u00bb box_shadow_style=\u00bbpreset1&#8243; box_shadow_vertical=\u00bb32px\u00bb box_shadow_blur=\u00bb100px\u00bb box_shadow_color=\u00bbrgba(0,0,0,0.15)\u00bb global_colors_info=\u00bb{}\u00bb][\/et_pb_image][et_pb_image src=\u00bbhttps:\/\/www.actosinstitucionales.archimadrid.com\/wp-content\/uploads\/2021\/11\/procesion_almudena.png\u00bb title_text=\u00bbprocesion_almudena\u00bb show_in_lightbox=\u00bbon\u00bb _builder_version=\u00bb4.16&#8243; _module_preset=\u00bbdefault\u00bb global_colors_info=\u00bb{}\u00bb][\/et_pb_image][et_pb_image src=\u00bbhttps:\/\/www.actosinstitucionales.archimadrid.com\/wp-content\/uploads\/2020\/10\/Virgen_Almudena_2.jpg\u00bb title_text=\u00bbVirgen_Almudena_2&#8243; align_tablet=\u00bbcenter\u00bb align_phone=\u00bb\u00bb align_last_edited=\u00bbon|desktop\u00bb _builder_version=\u00bb4.16&#8243; animation_style=\u00bbzoom\u00bb animation_intensity_zoom=\u00bb10%\u00bb box_shadow_style=\u00bbpreset1&#8243; box_shadow_vertical=\u00bb32px\u00bb box_shadow_blur=\u00bb100px\u00bb box_shadow_color=\u00bbrgba(0,0,0,0.15)\u00bb global_colors_info=\u00bb{}\u00bb][\/et_pb_image][\/et_pb_column][\/et_pb_row][\/et_pb_section][et_pb_section fb_built=\u00bb1&#8243; disabled_on=\u00bboff|off|off\u00bb admin_label=\u00bbOfrenda virtual\u00bb _builder_version=\u00bb4.16&#8243; background_image=\u00bbhttps:\/\/www.actosinstitucionales.archimadrid.com\/wp-content\/uploads\/2020\/10\/bg-4.png\u00bb background_size=\u00bbinitial\u00bb background_position=\u00bbtop_left\u00bb custom_padding=\u00bb|||\u00bb collapsed=\u00bboff\u00bb global_colors_info=\u00bb{}\u00bb][et_pb_row column_structure=\u00bb1_2,1_2&#8243; _builder_version=\u00bb4.16&#8243; global_colors_info=\u00bb{}\u00bb][et_pb_column type=\u00bb1_2&#8243; _builder_version=\u00bb4.16&#8243; custom_padding=\u00bb100px|||\u00bb custom_padding_tablet=\u00bb0px|||\u00bb custom_padding_phone=\u00bb\u00bb custom_padding_last_edited=\u00bbon|tablet\u00bb global_colors_info=\u00bb{}\u00bb custom_padding__hover=\u00bb|||\u00bb][et_pb_text _builder_version=\u00bb4.18.0&#8243; text_font=\u00bb||||||||\u00bb text_font_size=\u00bb16px\u00bb text_line_height=\u00bb1.9em\u00bb header_font=\u00bb||||||||\u00bb header_2_font=\u00bbRoboto|300|||||||\u00bb header_2_font_size=\u00bb50px\u00bb header_2_line_height=\u00bb1.2em\u00bb max_width=\u00bb700px\u00bb max_width_tablet=\u00bb\u00bb max_width_phone=\u00bb\u00bb max_width_last_edited=\u00bbon|desktop\u00bb module_alignment=\u00bbcenter\u00bb hover_enabled=\u00bb0&#8243; header_2_font_size_tablet=\u00bb40px\u00bb header_2_font_size_phone=\u00bb32px\u00bb header_2_font_size_last_edited=\u00bbon|phone\u00bb global_colors_info=\u00bb{}\u00bb sticky_enabled=\u00bb0&#8243;]<\/p>\n<h2>Ofrenda floral solidaria<\/h2>\n<p>La tradicional ofrenda floral solidaria en la plaza de la Almudena los d\u00edas 8 y 9 de noviembre de 9:00 a 20:00 horas. Se pide a los madrile\u00f1os que honren a la Virgen con flores, pero tambi\u00e9n con alimentos no perecederos que ser\u00e1n donados a C\u00e1ritas Diocesana de Madrid.<\/p>\n<p>Aunque el lunes acudir\u00e1n a la cita muchos colegios, tras el \u00e9xito del a\u00f1o pasado, los m\u00e1s peque\u00f1os tambi\u00e9n pueden mandar im\u00e1genes del <a href=\"https:\/\/museo.catedraldelaalmudena.es\/recortable-de-la-virgen-de-la-almudena\/\" target=\"_blank\" rel=\"noopener noreferrer\">recortable del Museo Catedral de la Almudena<\/a> o sus peque\u00f1as piezas art\u00edsticas (dibujos, poes\u00edas, fotograf\u00edas\u2026) a <span id=\"cloak4ffbded2d29a00235c425a3a356cb652\"><\/span><a href=\"mailto:ofrendavirtualalmudena@archimadrid.es\">ofrendavirtualalmudena@archimadrid.es<\/a>. El material recibido se ir\u00e1 subiendo a la cuenta de Flickr del Arzobispado (<em><a href=\"http:\/\/www.flickr.com\/archimadrid\" target=\"_blank\" rel=\"noopener noreferrer\">flickr.com\/archimadrid<\/a><\/em>) y a redes sociales a modo de ofrenda virtual con la etiqueta #Almudena2022.<\/p>\n<p>[\/et_pb_text][\/et_pb_column][et_pb_column type=\u00bb1_2&#8243; _builder_version=\u00bb4.16&#8243; custom_padding=\u00bb120px|||\u00bb custom_padding_tablet=\u00bb0px|||\u00bb custom_padding_phone=\u00bb\u00bb custom_padding_last_edited=\u00bbon|tablet\u00bb global_colors_info=\u00bb{}\u00bb custom_padding__hover=\u00bb|||\u00bb][et_pb_video src=\u00bbhttps:\/\/youtu.be\/wn4JsEIkVTU\u00bb thumbnail_overlay_color=\u00bbrgba(0,0,0,0.6)\u00bb _builder_version=\u00bb4.16&#8243; animation_style=\u00bbzoom\u00bb animation_direction=\u00bbbottom\u00bb animation_intensity_zoom=\u00bb10%\u00bb animation_starting_opacity=\u00bb100%\u00bb box_shadow_style=\u00bbpreset1&#8243; box_shadow_vertical=\u00bb32px\u00bb box_shadow_blur=\u00bb100px\u00bb box_shadow_color=\u00bbrgba(0,0,0,0.15)\u00bb global_colors_info=\u00bb{}\u00bb][\/et_pb_video][\/et_pb_column][\/et_pb_row][\/et_pb_section]<\/p>\n","protected":false},"excerpt":{"rendered":"<p>Cartel vertical en alta resoluci\u00f3n para imprimirD\u00edptico en alta resoluci\u00f3n para imprimirPROGRAMAActos en la catedral 5,6 y 7 de noviembre19:00 h. Triduo de la Almudena S\u00e1bado, 5 de noviembre20:00 h. Concierto Banda Sinf\u00f3nica Municipal Hasta el 8 de noviembreOfrenda Virtual a la Virgen. Dibujos, escritos o fotograf\u00edas a: ofrendavirtualalmudena@archimadrid.es Martes, 8 de noviembrede 9:00 a [&hellip;]<\/p>\n","protected":false},"author":2,"featured_media":0,"parent":315,"menu_order":0,"comment_status":"closed","ping_status":"closed","template":"","meta":{"_et_pb_use_builder":"on","_et_pb_old_content":"","_et_gb_content_width":"","footnotes":""},"class_list":["post-473","page","type-page","status-publish","hentry"],"yoast_head":"<!-- This site is optimized with the Yoast SEO plugin v26.2 - https:\/\/yoast.com\/wordpress\/plugins\/seo\/ -->\n<title>Santa Mar\u00eda la Real de la Almudena 2022 - Actos Institucionales<\/title>\n<meta name=\"robots\" content=\"index, follow, max-snippet:-1, max-image-preview:large, max-video-preview:-1\" \/>\n<link rel=\"canonical\" href=\"https:\/\/www.actosinstitucionales.archimadrid.com\/index.php\/fiesta-de-la-almudena\/santa-maria-la-real-de-la-almudena-2022\/\" \/>\n<meta property=\"og:locale\" content=\"es_ES\" \/>\n<meta property=\"og:type\" content=\"article\" \/>\n<meta property=\"og:title\" content=\"Santa Mar\u00eda la Real de la Almudena 2022 - Actos Institucionales\" \/>\n<meta property=\"og:description\" content=\"Cartel vertical en alta resoluci\u00f3n para imprimirD\u00edptico en alta resoluci\u00f3n para imprimirPROGRAMAActos en la catedral 5,6 y 7 de noviembre19:00 h. Triduo de la Almudena S\u00e1bado, 5 de noviembre20:00 h. Concierto Banda Sinf\u00f3nica Municipal Hasta el 8 de noviembreOfrenda Virtual a la Virgen. Dibujos, escritos o fotograf\u00edas a: ofrendavirtualalmudena@archimadrid.es Martes, 8 de noviembrede 9:00 a [&hellip;]\" \/>\n<meta property=\"og:url\" content=\"https:\/\/www.actosinstitucionales.archimadrid.com\/index.php\/fiesta-de-la-almudena\/santa-maria-la-real-de-la-almudena-2022\/\" \/>\n<meta property=\"og:site_name\" content=\"Actos Institucionales\" \/>\n<meta property=\"article:modified_time\" content=\"2022-10-21T09:52:10+00:00\" \/>\n<meta name=\"twitter:card\" content=\"summary_large_image\" \/>\n<meta name=\"twitter:label1\" content=\"Tiempo de lectura\" \/>\n\t<meta name=\"twitter:data1\" content=\"6 minutos\" \/>\n<script type=\"application\/ld+json\" class=\"yoast-schema-graph\">{\"@context\":\"https:\/\/schema.org\",\"@graph\":[{\"@type\":\"WebPage\",\"@id\":\"https:\/\/www.actosinstitucionales.archimadrid.com\/index.php\/fiesta-de-la-almudena\/santa-maria-la-real-de-la-almudena-2022\/\",\"url\":\"https:\/\/www.actosinstitucionales.archimadrid.com\/index.php\/fiesta-de-la-almudena\/santa-maria-la-real-de-la-almudena-2022\/\",\"name\":\"Santa Mar\u00eda la Real de la Almudena 2022 - Actos Institucionales\",\"isPartOf\":{\"@id\":\"https:\/\/www.actosinstitucionales.archimadrid.com\/#website\"},\"datePublished\":\"2022-10-20T10:01:30+00:00\",\"dateModified\":\"2022-10-21T09:52:10+00:00\",\"breadcrumb\":{\"@id\":\"https:\/\/www.actosinstitucionales.archimadrid.com\/index.php\/fiesta-de-la-almudena\/santa-maria-la-real-de-la-almudena-2022\/#breadcrumb\"},\"inLanguage\":\"es\",\"potentialAction\":[{\"@type\":\"ReadAction\",\"target\":[\"https:\/\/www.actosinstitucionales.archimadrid.com\/index.php\/fiesta-de-la-almudena\/santa-maria-la-real-de-la-almudena-2022\/\"]}]},{\"@type\":\"BreadcrumbList\",\"@id\":\"https:\/\/www.actosinstitucionales.archimadrid.com\/index.php\/fiesta-de-la-almudena\/santa-maria-la-real-de-la-almudena-2022\/#breadcrumb\",\"itemListElement\":[{\"@type\":\"ListItem\",\"position\":1,\"name\":\"Home\",\"item\":\"https:\/\/www.actosinstitucionales.archimadrid.com\/\"},{\"@type\":\"ListItem\",\"position\":2,\"name\":\"Fiesta de la Almudena\",\"item\":\"https:\/\/www.actosinstitucionales.archimadrid.com\/index.php\/fiesta-de-la-almudena\/\"},{\"@type\":\"ListItem\",\"position\":3,\"name\":\"Santa Mar\u00eda la Real de la Almudena 2022\"}]},{\"@type\":\"WebSite\",\"@id\":\"https:\/\/www.actosinstitucionales.archimadrid.com\/#website\",\"url\":\"https:\/\/www.actosinstitucionales.archimadrid.com\/\",\"name\":\"Actos Institucionales\",\"description\":\"Archidi\u00f3cesis de Madrid\",\"potentialAction\":[{\"@type\":\"SearchAction\",\"target\":{\"@type\":\"EntryPoint\",\"urlTemplate\":\"https:\/\/www.actosinstitucionales.archimadrid.com\/?s={search_term_string}\"},\"query-input\":{\"@type\":\"PropertyValueSpecification\",\"valueRequired\":true,\"valueName\":\"search_term_string\"}}],\"inLanguage\":\"es\"}]}<\/script>\n<!-- \/ Yoast SEO plugin. -->","yoast_head_json":{"title":"Santa Mar\u00eda la Real de la Almudena 2022 - Actos Institucionales","robots":{"index":"index","follow":"follow","max-snippet":"max-snippet:-1","max-image-preview":"max-image-preview:large","max-video-preview":"max-video-preview:-1"},"canonical":"https:\/\/www.actosinstitucionales.archimadrid.com\/index.php\/fiesta-de-la-almudena\/santa-maria-la-real-de-la-almudena-2022\/","og_locale":"es_ES","og_type":"article","og_title":"Santa Mar\u00eda la Real de la Almudena 2022 - Actos Institucionales","og_description":"Cartel vertical en alta resoluci\u00f3n para imprimirD\u00edptico en alta resoluci\u00f3n para imprimirPROGRAMAActos en la catedral 5,6 y 7 de noviembre19:00 h. Triduo de la Almudena S\u00e1bado, 5 de noviembre20:00 h. Concierto Banda Sinf\u00f3nica Municipal Hasta el 8 de noviembreOfrenda Virtual a la Virgen. Dibujos, escritos o fotograf\u00edas a: ofrendavirtualalmudena@archimadrid.es Martes, 8 de noviembrede 9:00 a [&hellip;]","og_url":"https:\/\/www.actosinstitucionales.archimadrid.com\/index.php\/fiesta-de-la-almudena\/santa-maria-la-real-de-la-almudena-2022\/","og_site_name":"Actos Institucionales","article_modified_time":"2022-10-21T09:52:10+00:00","twitter_card":"summary_large_image","twitter_misc":{"Tiempo de lectura":"6 minutos"},"schema":{"@context":"https:\/\/schema.org","@graph":[{"@type":"WebPage","@id":"https:\/\/www.actosinstitucionales.archimadrid.com\/index.php\/fiesta-de-la-almudena\/santa-maria-la-real-de-la-almudena-2022\/","url":"https:\/\/www.actosinstitucionales.archimadrid.com\/index.php\/fiesta-de-la-almudena\/santa-maria-la-real-de-la-almudena-2022\/","name":"Santa Mar\u00eda la Real de la Almudena 2022 - Actos Institucionales","isPartOf":{"@id":"https:\/\/www.actosinstitucionales.archimadrid.com\/#website"},"datePublished":"2022-10-20T10:01:30+00:00","dateModified":"2022-10-21T09:52:10+00:00","breadcrumb":{"@id":"https:\/\/www.actosinstitucionales.archimadrid.com\/index.php\/fiesta-de-la-almudena\/santa-maria-la-real-de-la-almudena-2022\/#breadcrumb"},"inLanguage":"es","potentialAction":[{"@type":"ReadAction","target":["https:\/\/www.actosinstitucionales.archimadrid.com\/index.php\/fiesta-de-la-almudena\/santa-maria-la-real-de-la-almudena-2022\/"]}]},{"@type":"BreadcrumbList","@id":"https:\/\/www.actosinstitucionales.archimadrid.com\/index.php\/fiesta-de-la-almudena\/santa-maria-la-real-de-la-almudena-2022\/#breadcrumb","itemListElement":[{"@type":"ListItem","position":1,"name":"Home","item":"https:\/\/www.actosinstitucionales.archimadrid.com\/"},{"@type":"ListItem","position":2,"name":"Fiesta de la Almudena","item":"https:\/\/www.actosinstitucionales.archimadrid.com\/index.php\/fiesta-de-la-almudena\/"},{"@type":"ListItem","position":3,"name":"Santa Mar\u00eda la Real de la Almudena 2022"}]},{"@type":"WebSite","@id":"https:\/\/www.actosinstitucionales.archimadrid.com\/#website","url":"https:\/\/www.actosinstitucionales.archimadrid.com\/","name":"Actos Institucionales","description":"Archidi\u00f3cesis de Madrid","potentialAction":[{"@type":"SearchAction","target":{"@type":"EntryPoint","urlTemplate":"https:\/\/www.actosinstitucionales.archimadrid.com\/?s={search_term_string}"},"query-input":{"@type":"PropertyValueSpecification","valueRequired":true,"valueName":"search_term_string"}}],"inLanguage":"es"}]}},"_links":{"self":[{"href":"https:\/\/www.actosinstitucionales.archimadrid.com\/index.php\/wp-json\/wp\/v2\/pages\/473","targetHints":{"allow":["GET"]}}],"collection":[{"href":"https:\/\/www.actosinstitucionales.archimadrid.com\/index.php\/wp-json\/wp\/v2\/pages"}],"about":[{"href":"https:\/\/www.actosinstitucionales.archimadrid.com\/index.php\/wp-json\/wp\/v2\/types\/page"}],"author":[{"embeddable":true,"href":"https:\/\/www.actosinstitucionales.archimadrid.com\/index.php\/wp-json\/wp\/v2\/users\/2"}],"replies":[{"embeddable":true,"href":"https:\/\/www.actosinstitucionales.archimadrid.com\/index.php\/wp-json\/wp\/v2\/comments?post=473"}],"version-history":[{"count":9,"href":"https:\/\/www.actosinstitucionales.archimadrid.com\/index.php\/wp-json\/wp\/v2\/pages\/473\/revisions"}],"predecessor-version":[{"id":495,"href":"https:\/\/www.actosinstitucionales.archimadrid.com\/index.php\/wp-json\/wp\/v2\/pages\/473\/revisions\/495"}],"up":[{"embeddable":true,"href":"https:\/\/www.actosinstitucionales.archimadrid.com\/index.php\/wp-json\/wp\/v2\/pages\/315"}],"wp:attachment":[{"href":"https:\/\/www.actosinstitucionales.archimadrid.com\/index.php\/wp-json\/wp\/v2\/media?parent=473"}],"curies":[{"name":"wp","href":"https:\/\/api.w.org\/{rel}","templated":true}]}}