{"id":315,"date":"2020-11-13T09:34:08","date_gmt":"2020-11-13T09:34:08","guid":{"rendered":"https:\/\/www.actosinstitucionales.archimadrid.com\/?page_id=315"},"modified":"2020-11-13T10:19:25","modified_gmt":"2020-11-13T10:19:25","slug":"fiesta-de-la-almudena","status":"publish","type":"page","link":"https:\/\/www.actosinstitucionales.archimadrid.com\/index.php\/fiesta-de-la-almudena\/","title":{"rendered":"Fiesta de la Almudena"},"content":{"rendered":"<p>[et_pb_section fb_built=\u00bb1&#8243; fullwidth=\u00bbon\u00bb _builder_version=\u00bb4.7.0&#8243; _module_preset=\u00bbdefault\u00bb background_image=\u00bbhttps:\/\/www.actosinstitucionales.archimadrid.com\/wp-content\/uploads\/2020\/11\/Almudena_Plaza_Mayor_g.jpg\u00bb parallax=\u00bbon\u00bb custom_padding=\u00bb|||\u00bb animation_style=\u00bbslide\u00bb animation_direction=\u00bbtop\u00bb animation_intensity_slide=\u00bb2%\u00bb][et_pb_fullwidth_header title=\u00bbFiesta de la Almudena\u00bb _builder_version=\u00bb4.7.0&#8243; _module_preset=\u00bbdefault\u00bb title_font=\u00bb||||||||\u00bb title_font_size=\u00bb60px\u00bb background_enable_color=\u00bboff\u00bb use_background_color_gradient=\u00bbon\u00bb background_color_gradient_start=\u00bb#000000&#8243; background_color_gradient_end=\u00bbrgba(0,0,0,0)\u00bb background_color_gradient_direction=\u00bb90deg\u00bb custom_margin=\u00bb|30%|||false|false\u00bb custom_padding=\u00bb8vw||8vw||true|false\u00bb title_text_shadow_style=\u00bbpreset2&#8243; text_shadow_style=\u00bbpreset2&#8243;]<\/p>\n<p><span style=\"font-size: 12pt;\">Esta tradicional Fiesta de la Patrona de Madrid tiene lugar<strong> los 9 de noviembre<\/strong> porque en esa fecha en 1085, cuenta la tradici\u00f3n, \u00a0tras nueve d\u00edas de constantes plegarias se organiz\u00f3 una solemne procesi\u00f3n para localizar la imagen que hab\u00eda sido escondida en la muralla por miedo a la ocupaci\u00f3n \u00e1rabe. As\u00ed cay\u00f3 parte de la muralla y all\u00ed estaba oculta la imagen de la Virgen Mar\u00eda con dos velas encendidas y fue llamada la Virgen de la Almudena ( Virgen de la muralla).\u00a0<\/span><\/p>\n<p>[\/et_pb_fullwidth_header][\/et_pb_section][et_pb_section fb_built=\u00bb1&#8243; custom_padding_last_edited=\u00bbon|tablet\u00bb admin_label=\u00bbSi eres opciones\u00bb _builder_version=\u00bb4.6.6&#8243; background_image=\u00bbhttps:\/\/www.actosinstitucionales.archimadrid.com\/wp-content\/uploads\/2020\/10\/sponsor-bg-01-1.png\u00bb background_size=\u00bbinitial\u00bb background_position=\u00bbcenter_right\u00bb custom_padding=\u00bb|10vw||\u00bb custom_padding_tablet=\u00bb|0vw||\u00bb custom_padding_phone=\u00bb\u00bb border_color_all=\u00bb#8300e9&#8243; border_width_left=\u00bb10vw\u00bb collapsed=\u00bboff\u00bb][et_pb_row column_structure=\u00bb2_5,3_5&#8243; _builder_version=\u00bb3.25&#8243;][et_pb_column type=\u00bb2_5&#8243; _builder_version=\u00bb3.25&#8243; custom_padding=\u00bb|||\u00bb custom_padding__hover=\u00bb|||\u00bb][et_pb_image src=\u00bbhttps:\/\/www.actosinstitucionales.archimadrid.com\/wp-content\/uploads\/2020\/11\/Almudena.jpg\u00bb title_text=\u00bbAlmudena\u00bb align_tablet=\u00bbcenter\u00bb align_phone=\u00bb\u00bb align_last_edited=\u00bbon|desktop\u00bb _builder_version=\u00bb4.7.0&#8243; border_radii=\u00bbon|10px|10px|10px|10px\u00bb][\/et_pb_image][et_pb_image src=\u00bbhttps:\/\/www.actosinstitucionales.archimadrid.com\/wp-content\/uploads\/2020\/11\/Almudena_2.jpg\u00bb title_text=\u00bbAlmudena_2&#8243; align_tablet=\u00bbcenter\u00bb align_phone=\u00bb\u00bb align_last_edited=\u00bbon|desktop\u00bb _builder_version=\u00bb4.7.0&#8243; hover_enabled=\u00bb0&#8243; border_radii=\u00bbon|10px|10px|10px|10px\u00bb sticky_enabled=\u00bb0&#8243;][\/et_pb_image][\/et_pb_column][et_pb_column type=\u00bb3_5&#8243; _builder_version=\u00bb3.25&#8243; custom_padding=\u00bb|||\u00bb custom_padding__hover=\u00bb|||\u00bb][et_pb_text _builder_version=\u00bb4.7.0&#8243; _module_preset=\u00bbdefault\u00bb]<\/p>\n<div><span style=\"font-size: 12pt;\">Hasta el a\u00f1o 1976 se realizaban dos celebraciones una procesi\u00f3n el 8 de septiembre d\u00eda de la Natividad de Mar\u00eda y una rosario y ofrenda floral en la muralla donde seg\u00fan la tradici\u00f3n apareci\u00f3 la imagen de la Virgen Mar\u00eda. En el a\u00f1o 1976 se decidi\u00f3 unir ambas celebraciones en la fecha m\u00e1s significativa el 9 de noviembre.<\/span><\/div>\n<div>\u00a0<\/div>\n<div><span style=\"font-size: 12pt;\">Cuentan las cr\u00f3nicas que presidian esta procesi\u00f3n, adem\u00e1s de Alfonso VI de Le\u00f3n y Castilla, el rey Sancho Ram\u00edrez I de Arag\u00f3n y V de Pamplona, el infante don Fernando y Rodrigo D\u00edaz de Vivar, el Cid Campeador, al que tambi\u00e9n se la atribuye una leyenda diferente con esa imagen. Al llegar la comitiva a la actual Cuesta de la Vega y al pasar por delante de un trozo de la muralla \u00e1rabe de la ciudad que por all\u00ed se levantaba, un cubo de la muralla se resquebraj\u00f3 dejando al descubierto la imagen buscada y, seg\u00fan la tradici\u00f3n, dos cirios que la hab\u00edan alumbrado durante los 373 a\u00f1os que hab\u00eda permanecido escondida.<\/span><\/div>\n<div>\u00a0<\/div>\n<div><span style=\"font-size: 12pt;\">La imagen actual de la Virgen de la Almudena, que data de 1496 fue realizada por Diego Cop\u00edn de Holanda escultor que trabaj\u00f3 en el retablo de la Catedral de Toledo. Fue coronada solemnemente el 10 de noviembre de 1948 y declarada patrona de la di\u00f3cesis de Madrid por el papa Pablo VI el 1 de julio de 1977.<\/span><\/div>\n<div>\u00a0<\/div>\n<div><span style=\"font-size: 12pt;\">El 2 de febrero de 1954 la imagen de la Virgen de la Almudena fue trasladada desde la iglesia del Sacramento, a un altar de la Colegiata de San Isidro.<\/span><\/div>\n<div>\u00a0<\/div>\n<div><span style=\"font-size: 12pt;\">All\u00ed permaneci\u00f3 hasta junio de 1993, en que en una solemne procesi\u00f3n fue trasladada a la nueva Catedral de Santa Mar\u00eda la Real de la Almudena, donde desde entonces permanece en un magnifico altar g\u00f3tico, en el lado derecho del Altar Mayor. Al d\u00eda siguiente Su Santidad Juan Pablo II consagr\u00f3 la nueva Catedral Metropolitana de Madrid, siendo la \u00fanica catedral espa\u00f1ola consagrada por un pont\u00edfice.<\/span><\/div>\n<div>\u00a0<\/div>\n<div><span style=\"font-size: 12pt;\">Durante varios d\u00edas tienen lugar diversos actos religiosos como la ofrenda floral del pueblo de Madrid, el Triduo y la Vigilia de oraci\u00f3n de los j\u00f3venes, que culminan con la celebraci\u00f3n de la Solemne Eucarist\u00eda donde el alcalde de Madrid, en nombre de todos los madrile\u00f1os, renueva el tradicional Voto de la Villa a la Virgen (una tradici\u00f3n que se repite desde 1640 cuando su entonces Concejo realiz\u00f3 por primera vez este voto como acci\u00f3n de gracias a la Virgen por \u00abhaberla salvado de tantas calamidades) y la procesi\u00f3n de la imagen desde la Plaza Mayor a la Catedral.<\/span><\/div>\n<p>[\/et_pb_text][\/et_pb_column][\/et_pb_row][\/et_pb_section]<\/p>\n","protected":false},"excerpt":{"rendered":"<p>Esta tradicional Fiesta de la Patrona de Madrid tiene lugar los 9 de noviembre porque en esa fecha en 1085, cuenta la tradici\u00f3n, \u00a0tras nueve d\u00edas de constantes plegarias se organiz\u00f3 una solemne procesi\u00f3n para localizar la imagen que hab\u00eda sido escondida en la muralla por miedo a la ocupaci\u00f3n \u00e1rabe. As\u00ed cay\u00f3 parte de [&hellip;]<\/p>\n","protected":false},"author":2,"featured_media":0,"parent":0,"menu_order":0,"comment_status":"closed","ping_status":"closed","template":"","meta":{"_et_pb_use_builder":"on","_et_pb_old_content":"","_et_gb_content_width":"","footnotes":""},"class_list":["post-315","page","type-page","status-publish","hentry"],"yoast_head":"<!-- This site is optimized with the Yoast SEO plugin v26.2 - https:\/\/yoast.com\/wordpress\/plugins\/seo\/ -->\n<title>Fiesta de la Almudena - Actos Institucionales<\/title>\n<meta name=\"robots\" content=\"index, follow, max-snippet:-1, max-image-preview:large, max-video-preview:-1\" \/>\n<link rel=\"canonical\" href=\"https:\/\/www.actosinstitucionales.archimadrid.com\/index.php\/fiesta-de-la-almudena\/\" \/>\n<meta property=\"og:locale\" content=\"es_ES\" \/>\n<meta property=\"og:type\" content=\"article\" \/>\n<meta property=\"og:title\" content=\"Fiesta de la Almudena - Actos Institucionales\" \/>\n<meta property=\"og:description\" content=\"Esta tradicional Fiesta de la Patrona de Madrid tiene lugar los 9 de noviembre porque en esa fecha en 1085, cuenta la tradici\u00f3n, \u00a0tras nueve d\u00edas de constantes plegarias se organiz\u00f3 una solemne procesi\u00f3n para localizar la imagen que hab\u00eda sido escondida en la muralla por miedo a la ocupaci\u00f3n \u00e1rabe. As\u00ed cay\u00f3 parte de [&hellip;]\" \/>\n<meta property=\"og:url\" content=\"https:\/\/www.actosinstitucionales.archimadrid.com\/index.php\/fiesta-de-la-almudena\/\" \/>\n<meta property=\"og:site_name\" content=\"Actos Institucionales\" \/>\n<meta property=\"article:modified_time\" content=\"2020-11-13T10:19:25+00:00\" \/>\n<meta name=\"twitter:card\" content=\"summary_large_image\" \/>\n<meta name=\"twitter:label1\" content=\"Tiempo de lectura\" \/>\n\t<meta name=\"twitter:data1\" content=\"4 minutos\" \/>\n<script type=\"application\/ld+json\" class=\"yoast-schema-graph\">{\"@context\":\"https:\/\/schema.org\",\"@graph\":[{\"@type\":\"WebPage\",\"@id\":\"https:\/\/www.actosinstitucionales.archimadrid.com\/index.php\/fiesta-de-la-almudena\/\",\"url\":\"https:\/\/www.actosinstitucionales.archimadrid.com\/index.php\/fiesta-de-la-almudena\/\",\"name\":\"Fiesta de la Almudena - Actos Institucionales\",\"isPartOf\":{\"@id\":\"https:\/\/www.actosinstitucionales.archimadrid.com\/#website\"},\"datePublished\":\"2020-11-13T09:34:08+00:00\",\"dateModified\":\"2020-11-13T10:19:25+00:00\",\"breadcrumb\":{\"@id\":\"https:\/\/www.actosinstitucionales.archimadrid.com\/index.php\/fiesta-de-la-almudena\/#breadcrumb\"},\"inLanguage\":\"es\",\"potentialAction\":[{\"@type\":\"ReadAction\",\"target\":[\"https:\/\/www.actosinstitucionales.archimadrid.com\/index.php\/fiesta-de-la-almudena\/\"]}]},{\"@type\":\"BreadcrumbList\",\"@id\":\"https:\/\/www.actosinstitucionales.archimadrid.com\/index.php\/fiesta-de-la-almudena\/#breadcrumb\",\"itemListElement\":[{\"@type\":\"ListItem\",\"position\":1,\"name\":\"Home\",\"item\":\"https:\/\/www.actosinstitucionales.archimadrid.com\/\"},{\"@type\":\"ListItem\",\"position\":2,\"name\":\"Fiesta de la Almudena\"}]},{\"@type\":\"WebSite\",\"@id\":\"https:\/\/www.actosinstitucionales.archimadrid.com\/#website\",\"url\":\"https:\/\/www.actosinstitucionales.archimadrid.com\/\",\"name\":\"Actos Institucionales\",\"description\":\"Archidi\u00f3cesis de Madrid\",\"potentialAction\":[{\"@type\":\"SearchAction\",\"target\":{\"@type\":\"EntryPoint\",\"urlTemplate\":\"https:\/\/www.actosinstitucionales.archimadrid.com\/?s={search_term_string}\"},\"query-input\":{\"@type\":\"PropertyValueSpecification\",\"valueRequired\":true,\"valueName\":\"search_term_string\"}}],\"inLanguage\":\"es\"}]}<\/script>\n<!-- \/ Yoast SEO plugin. -->","yoast_head_json":{"title":"Fiesta de la Almudena - Actos Institucionales","robots":{"index":"index","follow":"follow","max-snippet":"max-snippet:-1","max-image-preview":"max-image-preview:large","max-video-preview":"max-video-preview:-1"},"canonical":"https:\/\/www.actosinstitucionales.archimadrid.com\/index.php\/fiesta-de-la-almudena\/","og_locale":"es_ES","og_type":"article","og_title":"Fiesta de la Almudena - Actos Institucionales","og_description":"Esta tradicional Fiesta de la Patrona de Madrid tiene lugar los 9 de noviembre porque en esa fecha en 1085, cuenta la tradici\u00f3n, \u00a0tras nueve d\u00edas de constantes plegarias se organiz\u00f3 una solemne procesi\u00f3n para localizar la imagen que hab\u00eda sido escondida en la muralla por miedo a la ocupaci\u00f3n \u00e1rabe. As\u00ed cay\u00f3 parte de [&hellip;]","og_url":"https:\/\/www.actosinstitucionales.archimadrid.com\/index.php\/fiesta-de-la-almudena\/","og_site_name":"Actos Institucionales","article_modified_time":"2020-11-13T10:19:25+00:00","twitter_card":"summary_large_image","twitter_misc":{"Tiempo de lectura":"4 minutos"},"schema":{"@context":"https:\/\/schema.org","@graph":[{"@type":"WebPage","@id":"https:\/\/www.actosinstitucionales.archimadrid.com\/index.php\/fiesta-de-la-almudena\/","url":"https:\/\/www.actosinstitucionales.archimadrid.com\/index.php\/fiesta-de-la-almudena\/","name":"Fiesta de la Almudena - Actos Institucionales","isPartOf":{"@id":"https:\/\/www.actosinstitucionales.archimadrid.com\/#website"},"datePublished":"2020-11-13T09:34:08+00:00","dateModified":"2020-11-13T10:19:25+00:00","breadcrumb":{"@id":"https:\/\/www.actosinstitucionales.archimadrid.com\/index.php\/fiesta-de-la-almudena\/#breadcrumb"},"inLanguage":"es","potentialAction":[{"@type":"ReadAction","target":["https:\/\/www.actosinstitucionales.archimadrid.com\/index.php\/fiesta-de-la-almudena\/"]}]},{"@type":"BreadcrumbList","@id":"https:\/\/www.actosinstitucionales.archimadrid.com\/index.php\/fiesta-de-la-almudena\/#breadcrumb","itemListElement":[{"@type":"ListItem","position":1,"name":"Home","item":"https:\/\/www.actosinstitucionales.archimadrid.com\/"},{"@type":"ListItem","position":2,"name":"Fiesta de la Almudena"}]},{"@type":"WebSite","@id":"https:\/\/www.actosinstitucionales.archimadrid.com\/#website","url":"https:\/\/www.actosinstitucionales.archimadrid.com\/","name":"Actos Institucionales","description":"Archidi\u00f3cesis de Madrid","potentialAction":[{"@type":"SearchAction","target":{"@type":"EntryPoint","urlTemplate":"https:\/\/www.actosinstitucionales.archimadrid.com\/?s={search_term_string}"},"query-input":{"@type":"PropertyValueSpecification","valueRequired":true,"valueName":"search_term_string"}}],"inLanguage":"es"}]}},"_links":{"self":[{"href":"https:\/\/www.actosinstitucionales.archimadrid.com\/index.php\/wp-json\/wp\/v2\/pages\/315","targetHints":{"allow":["GET"]}}],"collection":[{"href":"https:\/\/www.actosinstitucionales.archimadrid.com\/index.php\/wp-json\/wp\/v2\/pages"}],"about":[{"href":"https:\/\/www.actosinstitucionales.archimadrid.com\/index.php\/wp-json\/wp\/v2\/types\/page"}],"author":[{"embeddable":true,"href":"https:\/\/www.actosinstitucionales.archimadrid.com\/index.php\/wp-json\/wp\/v2\/users\/2"}],"replies":[{"embeddable":true,"href":"https:\/\/www.actosinstitucionales.archimadrid.com\/index.php\/wp-json\/wp\/v2\/comments?post=315"}],"version-history":[{"count":8,"href":"https:\/\/www.actosinstitucionales.archimadrid.com\/index.php\/wp-json\/wp\/v2\/pages\/315\/revisions"}],"predecessor-version":[{"id":348,"href":"https:\/\/www.actosinstitucionales.archimadrid.com\/index.php\/wp-json\/wp\/v2\/pages\/315\/revisions\/348"}],"wp:attachment":[{"href":"https:\/\/www.actosinstitucionales.archimadrid.com\/index.php\/wp-json\/wp\/v2\/media?parent=315"}],"curies":[{"name":"wp","href":"https:\/\/api.w.org\/{rel}","templated":true}]}}